{"id":7,"date":"2023-09-04T16:00:14","date_gmt":"2023-09-04T14:00:14","guid":{"rendered":"https:\/\/pourkoila.fr\/?page_id=7"},"modified":"2026-03-09T18:43:48","modified_gmt":"2026-03-09T17:43:48","slug":"qui-sommes-nous","status":"publish","type":"page","link":"https:\/\/pourkoila.fr\/?page_id=7","title":{"rendered":"Vagney"},"content":{"rendered":"\n<div class=\"wp-block-columns is-layout-flex wp-container-core-columns-is-layout-28f84493 wp-block-columns-is-layout-flex\">\n<div class=\"wp-block-column is-layout-flow wp-block-column-is-layout-flow\"><\/div>\n\n\n\n<div class=\"wp-block-column is-layout-flow wp-block-column-is-layout-flow\">\n<h2 class=\"wp-block-heading has-text-align-center has-palette-color-6-color has-text-color has-background has-link-color wp-elements-afdaac72b6f38a689917a01cb6d7aa69\" style=\"border-style:none;border-width:0px;border-radius:21px;background-color:#ff6a0078;font-size:clamp(23.043px, 1.44rem + ((1vw - 3.2px) * 1.169), 38px);\">Pourkoil\u00e0 !<\/h2>\n<\/div>\n\n\n\n<div class=\"wp-block-column is-layout-flow wp-block-column-is-layout-flow\"><\/div>\n<\/div>\n\n\n\n<div style=\"height:168px\" aria-hidden=\"true\" class=\"wp-block-spacer\"><\/div>\n\n\n\n<figure class=\"wp-block-image aligncenter size-full\"><img loading=\"lazy\" decoding=\"async\" width=\"612\" height=\"350\" src=\"https:\/\/pourkoila.fr\/wp-content\/uploads\/2025\/06\/Foret.jpg\" alt=\"\" class=\"wp-image-1317\" srcset=\"https:\/\/pourkoila.fr\/wp-content\/uploads\/2025\/06\/Foret.jpg 612w, https:\/\/pourkoila.fr\/wp-content\/uploads\/2025\/06\/Foret-300x172.jpg 300w\" sizes=\"auto, (max-width: 612px) 100vw, 612px\" \/><\/figure>\n\n\n\n<div style=\"height:30px\" aria-hidden=\"true\" class=\"wp-block-spacer\"><\/div>\n\n\n\n<div class=\"wp-block-columns alignwide is-layout-flex wp-container-core-columns-is-layout-28f84493 wp-block-columns-is-layout-flex\">\n<div class=\"wp-block-column is-layout-constrained wp-block-column-is-layout-constrained\" style=\"flex-basis:40%\">\n<div class=\"wp-block-group has-border-color has-palette-color-2-color has-juicy-peach-gradient-background has-text-color has-background is-vertical is-content-justification-center is-layout-flex wp-container-core-group-is-layout-386451ff wp-block-group-is-layout-flex\" style=\"border-color:#c89f9f;border-width:12px;border-radius:16px;min-height:0px;padding-top:var(--wp--preset--spacing--30);padding-right:var(--wp--preset--spacing--30);padding-bottom:var(--wp--preset--spacing--30);padding-left:var(--wp--preset--spacing--30)\">\n<h2 class=\"wp-block-heading has-text-align-right has-text-color\" style=\"color:#615647;font-size:clamp(14.642px, 0.915rem + ((1vw - 3.2px) * 0.575), 22px);\">Qui sommes-nous ?<\/h2>\n\n\n\n<p style=\"font-size:clamp(14px, 0.875rem + ((1vw - 3.2px) * 0.156), 16px);\">Un collectif ouvert \u00e0 tous, compos\u00e9 actuellement d\u2019une trentaine de personnes r\u00e9sidant dans Vagney et proches du site o\u00f9 serait install\u00e9e la future antenne 5G. <\/p>\n\n\n\n<p style=\"font-size:clamp(14px, 0.875rem + ((1vw - 3.2px) * 0.156), 16px);\">Notre objectif est d&rsquo;\u00e9viter que cette antenne 5G ne soit construite au c\u0153ur du village, dans le bois Abeck. Ce site est l\u00e0 pour partager toutes les informations dont nous disposons sur ce projet.<\/p>\n\n\n\n<p style=\"font-size:clamp(14px, 0.875rem + ((1vw - 3.2px) * 0.156), 16px);\"><\/p>\n<\/div>\n\n\n\n<div style=\"height:20px\" aria-hidden=\"true\" class=\"wp-block-spacer\"><\/div>\n\n\n\n<div class=\"wp-block-buttons is-content-justification-center is-layout-flex wp-container-core-buttons-is-layout-a89b3969 wp-block-buttons-is-layout-flex\">\n<div class=\"wp-block-button has-custom-width wp-block-button__width-50\"><a class=\"wp-block-button__link has-pale-pink-background-color has-background has-medium-font-size has-custom-font-size wp-element-button\" href=\"https:\/\/www.change.org\/p\/non-a-l-installation-d-une-antenne-relais-telephonique-5g-38924341-4280-47e1-9a93-c7fb8a7c46bc\" style=\"border-style:none;border-width:0px;border-radius:11px;padding-top:var(--wp--preset--spacing--40);padding-bottom:var(--wp--preset--spacing--40)\">P\u00e9tition en ligne<\/a><\/div>\n<\/div>\n\n\n\n<figure class=\"wp-block-image aligncenter size-full\"><img loading=\"lazy\" decoding=\"async\" width=\"125\" height=\"117\" src=\"https:\/\/pourkoila.fr\/wp-content\/uploads\/2025\/02\/QR-code-Petition.jpg\" alt=\"\" class=\"wp-image-1063\"\/><\/figure>\n<\/div>\n\n\n\n<div class=\"wp-block-column is-layout-flow wp-block-column-is-layout-flow\" style=\"flex-basis:66%\">\n<p class=\"has-text-align-center has-background has-large-font-size\" style=\"border-radius:34px;background-color:#c7b593bd;margin-top:0;margin-right:var(--wp--preset--spacing--50);margin-bottom:0;margin-left:var(--wp--preset--spacing--50)\">Ce qui aurait pu se construire<\/p>\n\n\n\n<div style=\"height:30px\" aria-hidden=\"true\" class=\"wp-block-spacer\"><\/div>\n\n\n\n<figure class=\"wp-block-image aligncenter size-full\"><img loading=\"lazy\" decoding=\"async\" width=\"593\" height=\"573\" src=\"https:\/\/pourkoila.fr\/wp-content\/uploads\/2025\/02\/Plan.jpg\" alt=\"\" class=\"wp-image-768\" srcset=\"https:\/\/pourkoila.fr\/wp-content\/uploads\/2025\/02\/Plan.jpg 593w, https:\/\/pourkoila.fr\/wp-content\/uploads\/2025\/02\/Plan-300x290.jpg 300w\" sizes=\"auto, (max-width: 593px) 100vw, 593px\" \/><\/figure>\n<\/div>\n<\/div>\n\n\n\n<h2 class=\"wp-block-heading alignwide has-text-align-center has-palette-color-5-color has-desert-hump-gradient-background has-text-color has-background has-link-color wp-elements-db614873960e7b1e8a9e2f82b463e876\" style=\"border-radius:17px;font-size:clamp(23.043px, 1.44rem + ((1vw - 3.2px) * 1.169), 38px);\">Les derniers \u00e9v\u00e8nements<\/h2>\n\n\n\n<div style=\"height:10px\" aria-hidden=\"true\" class=\"wp-block-spacer\"><\/div>\n\n\n\n<div class=\"wp-block-group alignwide has-palette-color-5-background-color has-background is-layout-constrained wp-block-group-is-layout-constrained\" style=\"border-radius:20px\">\n<div class=\"wp-block-query alignwide is-layout-flow wp-block-query-is-layout-flow\"><ul class=\"columns-3 wp-block-post-template is-layout-grid wp-container-core-post-template-is-layout-6d3fbd8f wp-block-post-template-is-layout-grid\"><li class=\"wp-block-post post-1075 post type-post status-publish format-standard has-post-thumbnail hentry category-evenements\">\n\n<div class=\"wp-block-group is-layout-flow wp-block-group-is-layout-flow\" style=\"padding-top:10px;padding-right:10px;padding-bottom:10px;padding-left:10px\"><h5 class=\"has-text-align-center wp-block-post-title\"><a href=\"https:\/\/pourkoila.fr\/?p=1075\" target=\"_self\" >C&rsquo;est dans Vosges Matin<\/a><\/h5>\n\n<figure class=\"wp-block-post-featured-image\"><img loading=\"lazy\" decoding=\"async\" width=\"1330\" height=\"1920\" src=\"https:\/\/pourkoila.fr\/wp-content\/uploads\/2025\/03\/Article-Vosges-Matin-1-pdf.jpg\" class=\"attachment-post-thumbnail size-post-thumbnail wp-post-image\" alt=\"\" style=\"object-fit:cover;\" \/><\/figure>\n\n<div style=\"font-size:clamp(14px, 0.875rem + ((1vw - 3.2px) * 0.078), 15px);\" class=\"wp-block-post-excerpt\"><p class=\"wp-block-post-excerpt__excerpt\">Vagney. Un tr\u00e8s bon article \u00e9crit par Audrey Martin<\/p><p class=\"wp-block-post-excerpt__more-text\"><a class=\"wp-block-post-excerpt__more-link\" href=\"https:\/\/pourkoila.fr\/?p=1075\">\u00ab\u00a0Lire la suite\u00a0\u00bb<\/a><\/p><\/div><\/div>\n\n<\/li><li class=\"wp-block-post post-892 post type-post status-publish format-standard has-post-thumbnail hentry category-evenements\">\n\n<div class=\"wp-block-group is-layout-flow wp-block-group-is-layout-flow\" style=\"padding-top:10px;padding-right:10px;padding-bottom:10px;padding-left:10px\"><h5 class=\"has-text-align-center wp-block-post-title\"><a href=\"https:\/\/pourkoila.fr\/?p=892\" target=\"_self\" >Pose de banderoles<\/a><\/h5>\n\n<figure class=\"wp-block-post-featured-image\"><img loading=\"lazy\" decoding=\"async\" width=\"2560\" height=\"1920\" src=\"https:\/\/pourkoila.fr\/wp-content\/uploads\/2025\/02\/IMG_5322-scaled.jpg\" class=\"attachment-post-thumbnail size-post-thumbnail wp-post-image\" alt=\"\" style=\"object-fit:cover;\" srcset=\"https:\/\/pourkoila.fr\/wp-content\/uploads\/2025\/02\/IMG_5322-scaled.jpg 2560w, https:\/\/pourkoila.fr\/wp-content\/uploads\/2025\/02\/IMG_5322-300x225.jpg 300w, https:\/\/pourkoila.fr\/wp-content\/uploads\/2025\/02\/IMG_5322-1024x768.jpg 1024w, https:\/\/pourkoila.fr\/wp-content\/uploads\/2025\/02\/IMG_5322-768x576.jpg 768w, https:\/\/pourkoila.fr\/wp-content\/uploads\/2025\/02\/IMG_5322-1536x1152.jpg 1536w, https:\/\/pourkoila.fr\/wp-content\/uploads\/2025\/02\/IMG_5322-2048x1536.jpg 2048w\" sizes=\"auto, (max-width: 2560px) 100vw, 2560px\" \/><\/figure>\n\n<div style=\"font-size:clamp(14px, 0.875rem + ((1vw - 3.2px) * 0.078), 15px);\" class=\"wp-block-post-excerpt\"><p class=\"wp-block-post-excerpt__excerpt\">Plusieurs banderoles ont \u00e9t\u00e9 enlev\u00e9es par une personne malintentionn\u00e9e. Mais cela ne d\u00e9courage pas le collectif qui en ressort encore plus fort. De nouvelles\u2026<\/p><p class=\"wp-block-post-excerpt__more-text\"><a class=\"wp-block-post-excerpt__more-link\" href=\"https:\/\/pourkoila.fr\/?p=892\">\u00ab\u00a0Lire la suite\u00a0\u00bb<\/a><\/p><\/div><\/div>\n\n<\/li><li class=\"wp-block-post post-1184 post type-post status-publish format-standard has-post-thumbnail hentry category-evenements\">\n\n<div class=\"wp-block-group is-layout-flow wp-block-group-is-layout-flow\" style=\"padding-top:10px;padding-right:10px;padding-bottom:10px;padding-left:10px\"><h5 class=\"has-text-align-center wp-block-post-title\"><a href=\"https:\/\/pourkoila.fr\/?p=1184\" target=\"_self\" >Retour de Mr NAEGELEN, d\u00e9put\u00e9 de la 3\u00e8me circonscription des Vosges<\/a><\/h5>\n\n<figure class=\"wp-block-post-featured-image\"><img loading=\"lazy\" decoding=\"async\" width=\"556\" height=\"553\" src=\"https:\/\/pourkoila.fr\/wp-content\/uploads\/2025\/02\/Courrier.jpg\" class=\"attachment-post-thumbnail size-post-thumbnail wp-post-image\" alt=\"\" style=\"object-fit:cover;\" srcset=\"https:\/\/pourkoila.fr\/wp-content\/uploads\/2025\/02\/Courrier.jpg 556w, https:\/\/pourkoila.fr\/wp-content\/uploads\/2025\/02\/Courrier-300x298.jpg 300w, https:\/\/pourkoila.fr\/wp-content\/uploads\/2025\/02\/Courrier-150x150.jpg 150w\" sizes=\"auto, (max-width: 556px) 100vw, 556px\" \/><\/figure>\n\n<div style=\"font-size:clamp(14px, 0.875rem + ((1vw - 3.2px) * 0.078), 15px);\" class=\"wp-block-post-excerpt\"><p class=\"wp-block-post-excerpt__excerpt\">Voici la r\u00e9ponse que Free lui a envoy\u00e9 (les commentaires de Pourkoil\u00e0 sont en orange) : \u00ab\u00a0Monsieur le D\u00e9put\u00e9,&nbsp; Je vous prie de bien\u2026<\/p><p class=\"wp-block-post-excerpt__more-text\"><a class=\"wp-block-post-excerpt__more-link\" href=\"https:\/\/pourkoila.fr\/?p=1184\">\u00ab\u00a0Lire la suite\u00a0\u00bb<\/a><\/p><\/div><\/div>\n\n<\/li><li class=\"wp-block-post post-1189 post type-post status-publish format-standard has-post-thumbnail hentry category-evenements\">\n\n<div class=\"wp-block-group is-layout-flow wp-block-group-is-layout-flow\" style=\"padding-top:10px;padding-right:10px;padding-bottom:10px;padding-left:10px\"><h5 class=\"has-text-align-center wp-block-post-title\"><a href=\"https:\/\/pourkoila.fr\/?p=1189\" target=\"_self\" >Le point sur les p\u00e9titions<\/a><\/h5>\n\n<figure class=\"wp-block-post-featured-image\"><img loading=\"lazy\" decoding=\"async\" width=\"2560\" height=\"1927\" src=\"https:\/\/pourkoila.fr\/wp-content\/uploads\/2025\/04\/Petition-signatures-scaled.jpg\" class=\"attachment-post-thumbnail size-post-thumbnail wp-post-image\" alt=\"\" style=\"object-fit:cover;\" srcset=\"https:\/\/pourkoila.fr\/wp-content\/uploads\/2025\/04\/Petition-signatures-scaled.jpg 2560w, https:\/\/pourkoila.fr\/wp-content\/uploads\/2025\/04\/Petition-signatures-300x226.jpg 300w, https:\/\/pourkoila.fr\/wp-content\/uploads\/2025\/04\/Petition-signatures-1024x771.jpg 1024w, https:\/\/pourkoila.fr\/wp-content\/uploads\/2025\/04\/Petition-signatures-768x578.jpg 768w, https:\/\/pourkoila.fr\/wp-content\/uploads\/2025\/04\/Petition-signatures-1536x1156.jpg 1536w, https:\/\/pourkoila.fr\/wp-content\/uploads\/2025\/04\/Petition-signatures-2048x1542.jpg 2048w\" sizes=\"auto, (max-width: 2560px) 100vw, 2560px\" \/><\/figure>\n\n<div style=\"font-size:clamp(14px, 0.875rem + ((1vw - 3.2px) * 0.078), 15px);\" class=\"wp-block-post-excerpt\"><p class=\"wp-block-post-excerpt__excerpt\">A ce jour, plus de 1100 personnes ont sign\u00e9 la p\u00e9tition, soit en ligne (312 aujourd&rsquo;hui vendredi 04 avril), soit sur papier. A tous,\u2026<\/p><p class=\"wp-block-post-excerpt__more-text\"><a class=\"wp-block-post-excerpt__more-link\" href=\"https:\/\/pourkoila.fr\/?p=1189\">\u00ab\u00a0Lire la suite\u00a0\u00bb<\/a><\/p><\/div><\/div>\n\n<\/li><li class=\"wp-block-post post-1300 post type-post status-publish format-standard has-post-thumbnail hentry category-evenements\">\n\n<div class=\"wp-block-group is-layout-flow wp-block-group-is-layout-flow\" style=\"padding-top:10px;padding-right:10px;padding-bottom:10px;padding-left:10px\"><h5 class=\"has-text-align-center wp-block-post-title\"><a href=\"https:\/\/pourkoila.fr\/?p=1300\" target=\"_self\" >Rencontre avec Mr Houot<\/a><\/h5>\n\n<figure class=\"wp-block-post-featured-image\"><img loading=\"lazy\" decoding=\"async\" width=\"2560\" height=\"1707\" src=\"https:\/\/pourkoila.fr\/wp-content\/uploads\/2025\/06\/Mairie-Vagney.jpg\" class=\"attachment-post-thumbnail size-post-thumbnail wp-post-image\" alt=\"\" style=\"object-fit:cover;\" srcset=\"https:\/\/pourkoila.fr\/wp-content\/uploads\/2025\/06\/Mairie-Vagney.jpg 2560w, https:\/\/pourkoila.fr\/wp-content\/uploads\/2025\/06\/Mairie-Vagney-300x200.jpg 300w, https:\/\/pourkoila.fr\/wp-content\/uploads\/2025\/06\/Mairie-Vagney-1024x683.jpg 1024w, https:\/\/pourkoila.fr\/wp-content\/uploads\/2025\/06\/Mairie-Vagney-768x512.jpg 768w, https:\/\/pourkoila.fr\/wp-content\/uploads\/2025\/06\/Mairie-Vagney-1536x1024.jpg 1536w, https:\/\/pourkoila.fr\/wp-content\/uploads\/2025\/06\/Mairie-Vagney-2048x1366.jpg 2048w\" sizes=\"auto, (max-width: 2560px) 100vw, 2560px\" \/><\/figure>\n\n<div style=\"font-size:clamp(14px, 0.875rem + ((1vw - 3.2px) * 0.078), 15px);\" class=\"wp-block-post-excerpt\"><p class=\"wp-block-post-excerpt__excerpt\">Ce mercredi 4 juin, quelques membres de notre collectif ont rencontr\u00e9 Mr Houot, maire de Vagney afin d&rsquo;obtenir quelques \u00e9claircissements :<\/p><p class=\"wp-block-post-excerpt__more-text\"><a class=\"wp-block-post-excerpt__more-link\" href=\"https:\/\/pourkoila.fr\/?p=1300\">\u00ab\u00a0Lire la suite\u00a0\u00bb<\/a><\/p><\/div><\/div>\n\n<\/li><li class=\"wp-block-post post-1288 post type-post status-publish format-standard has-post-thumbnail hentry category-evenements\">\n\n<div class=\"wp-block-group is-layout-flow wp-block-group-is-layout-flow\" style=\"padding-top:10px;padding-right:10px;padding-bottom:10px;padding-left:10px\"><h5 class=\"has-text-align-center wp-block-post-title\"><a href=\"https:\/\/pourkoila.fr\/?p=1288\" target=\"_self\" >Nouvelle officielle<\/a><\/h5>\n\n<figure class=\"wp-block-post-featured-image\"><img loading=\"lazy\" decoding=\"async\" width=\"1216\" height=\"676\" src=\"https:\/\/pourkoila.fr\/wp-content\/uploads\/2025\/05\/Champagne.jpg\" class=\"attachment-post-thumbnail size-post-thumbnail wp-post-image\" alt=\"\" style=\"object-fit:cover;\" srcset=\"https:\/\/pourkoila.fr\/wp-content\/uploads\/2025\/05\/Champagne.jpg 1216w, https:\/\/pourkoila.fr\/wp-content\/uploads\/2025\/05\/Champagne-300x167.jpg 300w, https:\/\/pourkoila.fr\/wp-content\/uploads\/2025\/05\/Champagne-1024x569.jpg 1024w, https:\/\/pourkoila.fr\/wp-content\/uploads\/2025\/05\/Champagne-768x427.jpg 768w\" sizes=\"auto, (max-width: 1216px) 100vw, 1216px\" \/><\/figure>\n\n<div style=\"font-size:clamp(14px, 0.875rem + ((1vw - 3.2px) * 0.078), 15px);\" class=\"wp-block-post-excerpt\"><p class=\"wp-block-post-excerpt__excerpt\">Bonjour \u00e0 tous&nbsp;! Cette fois, c&rsquo;est officiel. Il n&rsquo;y aura pas d&rsquo;antenne relais dans le bois Abeck. Mr Houot, maire de Vagney, nous a\u2026<\/p><p class=\"wp-block-post-excerpt__more-text\"><a class=\"wp-block-post-excerpt__more-link\" href=\"https:\/\/pourkoila.fr\/?p=1288\">\u00ab\u00a0Lire la suite\u00a0\u00bb<\/a><\/p><\/div><\/div>\n\n<\/li><\/ul><\/div>\n<\/div>\n\n\n\n<div style=\"height:60px\" aria-hidden=\"true\" class=\"wp-block-spacer\"><\/div>\n","protected":false},"excerpt":{"rendered":"<p>Pourkoil\u00e0 ! Qui sommes-nous ? Un collectif ouvert \u00e0 tous, compos\u00e9 actuellement d\u2019une trentaine de personnes r\u00e9sidant dans Vagney et proches du site o\u00f9 serait install\u00e9e la future antenne 5G. Notre objectif est d&rsquo;\u00e9viter que cette antenne 5G ne soit construite au c\u0153ur du village, dans le bois Abeck. Ce site est l\u00e0 pour partager [&hellip;]<\/p>\n","protected":false},"author":1,"featured_media":0,"parent":0,"menu_order":0,"comment_status":"closed","ping_status":"closed","template":"","meta":{"footnotes":""},"class_list":["post-7","page","type-page","status-publish","hentry"],"blocksy_meta":{"has_hero_section":"default"},"aioseo_notices":[],"_links":{"self":[{"href":"https:\/\/pourkoila.fr\/index.php?rest_route=\/wp\/v2\/pages\/7","targetHints":{"allow":["GET"]}}],"collection":[{"href":"https:\/\/pourkoila.fr\/index.php?rest_route=\/wp\/v2\/pages"}],"about":[{"href":"https:\/\/pourkoila.fr\/index.php?rest_route=\/wp\/v2\/types\/page"}],"author":[{"embeddable":true,"href":"https:\/\/pourkoila.fr\/index.php?rest_route=\/wp\/v2\/users\/1"}],"replies":[{"embeddable":true,"href":"https:\/\/pourkoila.fr\/index.php?rest_route=%2Fwp%2Fv2%2Fcomments&post=7"}],"version-history":[{"count":153,"href":"https:\/\/pourkoila.fr\/index.php?rest_route=\/wp\/v2\/pages\/7\/revisions"}],"predecessor-version":[{"id":1343,"href":"https:\/\/pourkoila.fr\/index.php?rest_route=\/wp\/v2\/pages\/7\/revisions\/1343"}],"wp:attachment":[{"href":"https:\/\/pourkoila.fr\/index.php?rest_route=%2Fwp%2Fv2%2Fmedia&parent=7"}],"curies":[{"name":"wp","href":"https:\/\/api.w.org\/{rel}","templated":true}]}}